{"id":59,"date":"2008-01-10T21:12:05","date_gmt":"2008-01-10T19:12:05","guid":{"rendered":"http:\/\/www.propeyresq.be\/fr\/?page_id=4"},"modified":"2022-03-28T20:37:06","modified_gmt":"2022-03-28T18:37:06","slug":"histoire","status":"publish","type":"page","link":"https:\/\/propeyresq.be\/?page_id=59","title":{"rendered":"L\u2019histoire \u2026"},"content":{"rendered":"\t\t<div data-elementor-type=\"wp-page\" data-elementor-id=\"59\" class=\"elementor elementor-59\">\n\t\t\t\t\t\t<section class=\"elementor-section elementor-top-section elementor-element elementor-element-1bc42ccf elementor-section-boxed elementor-section-height-default elementor-section-height-default\" data-id=\"1bc42ccf\" data-element_type=\"section\">\n\t\t\t\t\t\t<div class=\"elementor-container elementor-column-gap-default\">\n\t\t\t\t\t<div class=\"elementor-column elementor-col-100 elementor-top-column elementor-element elementor-element-39fa6418\" data-id=\"39fa6418\" data-element_type=\"column\">\n\t\t\t<div class=\"elementor-widget-wrap elementor-element-populated\">\n\t\t\t\t\t\t<div class=\"elementor-element elementor-element-2ff2033 elementor-widget elementor-widget-heading\" data-id=\"2ff2033\" data-element_type=\"widget\" data-widget_type=\"heading.default\">\n\t\t\t\t<div class=\"elementor-widget-container\">\n\t\t\t\t\t<h2 class=\"elementor-heading-title elementor-size-default\">Quelques mots d'introduction<\/h2>\t\t\t\t<\/div>\n\t\t\t\t<\/div>\n\t\t\t\t\t<\/div>\n\t\t<\/div>\n\t\t\t\t\t<\/div>\n\t\t<\/section>\n\t\t\t\t<section class=\"elementor-section elementor-top-section elementor-element elementor-element-09783ee elementor-section-boxed elementor-section-height-default elementor-section-height-default\" data-id=\"09783ee\" data-element_type=\"section\">\n\t\t\t\t\t\t<div class=\"elementor-container elementor-column-gap-default\">\n\t\t\t\t\t<div class=\"elementor-column elementor-col-33 elementor-top-column elementor-element elementor-element-5ad9bab\" data-id=\"5ad9bab\" data-element_type=\"column\">\n\t\t\t<div class=\"elementor-widget-wrap elementor-element-populated\">\n\t\t\t\t\t\t<div class=\"elementor-element elementor-element-db7c344 elementor-widget elementor-widget-image\" data-id=\"db7c344\" data-element_type=\"widget\" data-widget_type=\"image.default\">\n\t\t\t\t<div class=\"elementor-widget-container\">\n\t\t\t\t\t\t\t\t\t\t\t\t\t\t\t<img fetchpriority=\"high\" decoding=\"async\" width=\"214\" height=\"235\" src=\"https:\/\/propeyresq.be\/wp-content\/uploads\/2022\/03\/Unknown.jpeg\" class=\"attachment-large size-large wp-image-1754\" alt=\"\" \/>\t\t\t\t\t\t\t\t\t\t\t\t\t\t\t<\/div>\n\t\t\t\t<\/div>\n\t\t\t\t\t<\/div>\n\t\t<\/div>\n\t\t\t\t<div class=\"elementor-column elementor-col-66 elementor-top-column elementor-element elementor-element-2893e50\" data-id=\"2893e50\" data-element_type=\"column\">\n\t\t\t<div class=\"elementor-widget-wrap elementor-element-populated\">\n\t\t\t\t\t\t<div class=\"elementor-element elementor-element-6285da31 elementor-widget elementor-widget-text-editor\" data-id=\"6285da31\" data-element_type=\"widget\" data-widget_type=\"text-editor.default\">\n\t\t\t\t<div class=\"elementor-widget-container\">\n\t\t\t\t\t\t\t\t\t<em>C\u2019est au bord d&rsquo;une falaise rocheuse, dominant la Va\u00efre et le torrent du Ray (affluents du Var), \u00e0 1528m d&rsquo;altitude, \u00e0 la limite entre les terres cultivables et les alpages, que commence il y a environ mille ans l\u2019histoire peu commune de ce petit village que nous connaissons aujourd\u2019hui sous le nom de \u00ab <strong>Peyresq<\/strong> \u00bb.<\/em>\n\nLe plus vieux t\u00e9moin de cette \u00e9poque est la petite \u00e9glise romane, de style proven\u00e7al, qui a r\u00e9sist\u00e9 depuis le XIIIe si\u00e8cle aux successions d&rsquo;\u00e9t\u00e9s br\u00fblants et d&rsquo;hivers rudes, d&rsquo;orages et de s\u00e9cheresses, aux passages de troupeaux. Aux coins de la place, deux grandes maisons patriciennes dont l&rsquo;une a \u00e9t\u00e9 la maison claustrale; un peu en dessous, l&#8217;emplacement du vieux ch\u00e2teau. Et de si\u00e8cle en si\u00e8cle, des maisons, toutes faites de m\u00eames pierres grises.\n\nPeyresq, au fil des ans, a vu se succ\u00e9der les r\u00e9gimes et les ma\u00eetres.\n\nLes habitants du village gardaient les troupeaux et cultivaient la terre. Vous pourrez encore voir des vestiges de culture en terrasse le long des flancs des montagnes qui entourent Peyresq. Et des creux de rocher qui servaient d&rsquo;\u00e9tables.\n\nIls ont vu dispara\u00eetre les m\u00e9l\u00e8zes, abattus pour construire des bateaux sur des mers qu&rsquo;ils ne verraient jamais. Ils ont utilis\u00e9 des noyers pour construire et sculpter leurs propres meubles, les chaises avec lesquelles ils se d\u00e9pla\u00e7aient aux veill\u00e9es. Ils ont mang\u00e9 les marmottes, alors nombreuses dans les montagnes. Ils ont fait des fromages. La vie \u00e9tait sans doute bien plus rude que dans la vall\u00e9e d&rsquo;Annot. Mais le village vivait.\n\nUn jour, la vie a bascul\u00e9. La guerre de 1914, dite la Grande Guerre, a d\u00e9peupl\u00e9 le village. Six jeunes gens ont disparu, qui n&rsquo;assureraient plus la rel\u00e8ve en haut de la montagne, qui ne construiraient plus les charpentes \u00e9cras\u00e9es par l&rsquo;orage et la temp\u00eate, qui ne consolideraient plus les murs, qui n&rsquo;\u00e9pouseraient pas les filles qui les attendaient.\n\nSix noms sur le monument aux morts.\n<p align=\"left\">Et le village a gliss\u00e9 vers l&rsquo;oubli, les toits ont mal r\u00e9sist\u00e9, les murs ont croul\u00e9&#8230;<\/p>\n\n<blockquote>\n<p align=\"center\" style=\"text-align: left;\">\u00a0\u00bb Pas d&rsquo;autre devenir\u00a0qu&rsquo;un amas de d\u00e9combres\net le m\u00eame avenir\u00a0qu&rsquo;un navire qui sombre\nlentement. \u00ab\u00a0<\/p>\n<\/blockquote>\nSources des pages sur l&rsquo;histoire du village\n\n<i>\u00ab\u00a0PEYRESQ : l&rsquo;extraordinaire destin d&rsquo;un village des Alpes Proven\u00e7ales\u00a0\u00bb de Louise NAVELLO-SGARAVIZZI, 1992\u00a0<\/i>\n\nwww.peiresc.org (Livre \u00e9dit\u00e9 \u00e0 l&rsquo;occasion des 50 ans de la reconstruction du village)\t\t\t\t\t\t\t\t<\/div>\n\t\t\t\t<\/div>\n\t\t\t\t\t<\/div>\n\t\t<\/div>\n\t\t\t\t\t<\/div>\n\t\t<\/section>\n\t\t\t\t<\/div>\n\t\t","protected":false},"excerpt":{"rendered":"<p>Quelques mots d&rsquo;introduction C\u2019est au bord d&rsquo;une falaise rocheuse, dominant la Va\u00efre et le torrent du Ray (affluents du Var), \u00e0 1528m d&rsquo;altitude, \u00e0 la limite entre les terres cultivables et les alpages, que commence il y a environ mille ans l\u2019histoire peu commune de ce petit village que nous [&hellip;]<\/p>\n","protected":false},"author":2,"featured_media":0,"parent":1180,"menu_order":2,"comment_status":"closed","ping_status":"closed","template":"page-templates\/template-fullwidth.php","meta":{"footnotes":""},"class_list":["post-59","page","type-page","status-publish","hentry"],"post_mailing_queue_ids":[],"_links":{"self":[{"href":"https:\/\/propeyresq.be\/index.php?rest_route=\/wp\/v2\/pages\/59","targetHints":{"allow":["GET"]}}],"collection":[{"href":"https:\/\/propeyresq.be\/index.php?rest_route=\/wp\/v2\/pages"}],"about":[{"href":"https:\/\/propeyresq.be\/index.php?rest_route=\/wp\/v2\/types\/page"}],"author":[{"embeddable":true,"href":"https:\/\/propeyresq.be\/index.php?rest_route=\/wp\/v2\/users\/2"}],"replies":[{"embeddable":true,"href":"https:\/\/propeyresq.be\/index.php?rest_route=%2Fwp%2Fv2%2Fcomments&post=59"}],"version-history":[{"count":6,"href":"https:\/\/propeyresq.be\/index.php?rest_route=\/wp\/v2\/pages\/59\/revisions"}],"predecessor-version":[{"id":1909,"href":"https:\/\/propeyresq.be\/index.php?rest_route=\/wp\/v2\/pages\/59\/revisions\/1909"}],"up":[{"embeddable":true,"href":"https:\/\/propeyresq.be\/index.php?rest_route=\/wp\/v2\/pages\/1180"}],"wp:attachment":[{"href":"https:\/\/propeyresq.be\/index.php?rest_route=%2Fwp%2Fv2%2Fmedia&parent=59"}],"curies":[{"name":"wp","href":"https:\/\/api.w.org\/{rel}","templated":true}]}}