{"id":1750,"date":"2022-03-26T12:29:24","date_gmt":"2022-03-26T10:29:24","guid":{"rendered":"http:\/\/wptest.propeyresq.be\/?page_id=1750"},"modified":"2022-03-28T18:29:30","modified_gmt":"2022-03-28T16:29:30","slug":"histoire-de-lasbl","status":"publish","type":"page","link":"https:\/\/propeyresq.be\/?page_id=1750","title":{"rendered":"Histoire de l&rsquo;asbl"},"content":{"rendered":"\t\t<div data-elementor-type=\"wp-page\" data-elementor-id=\"1750\" class=\"elementor elementor-1750\">\n\t\t\t\t\t\t<section class=\"elementor-section elementor-top-section elementor-element elementor-element-c0c6c56 elementor-section-boxed elementor-section-height-default elementor-section-height-default\" data-id=\"c0c6c56\" data-element_type=\"section\">\n\t\t\t\t\t\t<div class=\"elementor-container elementor-column-gap-default\">\n\t\t\t\t\t<div class=\"elementor-column elementor-col-100 elementor-top-column elementor-element elementor-element-d8d8b96\" data-id=\"d8d8b96\" data-element_type=\"column\">\n\t\t\t<div class=\"elementor-widget-wrap elementor-element-populated\">\n\t\t\t\t\t\t<div class=\"elementor-element elementor-element-69ad655 elementor-widget elementor-widget-heading\" data-id=\"69ad655\" data-element_type=\"widget\" data-widget_type=\"heading.default\">\n\t\t\t\t<div class=\"elementor-widget-container\">\n\t\t\t\t\t<h1 class=\"elementor-heading-title elementor-size-default\">COMMENT FUT FOND\u00c9E L\u2019ASSOCIATION\nPRO PEYRESQ ?\n<\/h1>\t\t\t\t<\/div>\n\t\t\t\t<\/div>\n\t\t\t\t\t<\/div>\n\t\t<\/div>\n\t\t\t\t\t<\/div>\n\t\t<\/section>\n\t\t\t\t<section class=\"elementor-section elementor-top-section elementor-element elementor-element-d5cf7fa elementor-section-boxed elementor-section-height-default elementor-section-height-default\" data-id=\"d5cf7fa\" data-element_type=\"section\">\n\t\t\t\t\t\t<div class=\"elementor-container elementor-column-gap-default\">\n\t\t\t\t\t<div class=\"elementor-column elementor-col-100 elementor-top-column elementor-element elementor-element-bd6235a\" data-id=\"bd6235a\" data-element_type=\"column\">\n\t\t\t<div class=\"elementor-widget-wrap elementor-element-populated\">\n\t\t\t\t\t\t<div class=\"elementor-element elementor-element-77e8539 elementor-widget elementor-widget-image\" data-id=\"77e8539\" data-element_type=\"widget\" data-widget_type=\"image.default\">\n\t\t\t\t<div class=\"elementor-widget-container\">\n\t\t\t\t\t\t\t\t\t\t\t\t\t\t\t<img fetchpriority=\"high\" decoding=\"async\" width=\"750\" height=\"372\" src=\"https:\/\/propeyresq.be\/wp-content\/uploads\/2022\/03\/274489424_10224531337045607_2179741343751148243_n-1024x508.jpg\" class=\"attachment-large size-large wp-image-1834\" alt=\"\" srcset=\"https:\/\/propeyresq.be\/wp-content\/uploads\/2022\/03\/274489424_10224531337045607_2179741343751148243_n-1024x508.jpg 1024w, https:\/\/propeyresq.be\/wp-content\/uploads\/2022\/03\/274489424_10224531337045607_2179741343751148243_n-300x149.jpg 300w, https:\/\/propeyresq.be\/wp-content\/uploads\/2022\/03\/274489424_10224531337045607_2179741343751148243_n-768x381.jpg 768w, https:\/\/propeyresq.be\/wp-content\/uploads\/2022\/03\/274489424_10224531337045607_2179741343751148243_n-1536x762.jpg 1536w, https:\/\/propeyresq.be\/wp-content\/uploads\/2022\/03\/274489424_10224531337045607_2179741343751148243_n.jpg 2048w\" sizes=\"(max-width: 750px) 100vw, 750px\" \/>\t\t\t\t\t\t\t\t\t\t\t\t\t\t\t<\/div>\n\t\t\t\t<\/div>\n\t\t\t\t\t<\/div>\n\t\t<\/div>\n\t\t\t\t\t<\/div>\n\t\t<\/section>\n\t\t\t\t<section class=\"elementor-section elementor-top-section elementor-element elementor-element-750ab57 elementor-section-boxed elementor-section-height-default elementor-section-height-default\" data-id=\"750ab57\" data-element_type=\"section\">\n\t\t\t\t\t\t<div class=\"elementor-container elementor-column-gap-default\">\n\t\t\t\t\t<div class=\"elementor-column elementor-col-100 elementor-top-column elementor-element elementor-element-96595f0\" data-id=\"96595f0\" data-element_type=\"column\">\n\t\t\t<div class=\"elementor-widget-wrap elementor-element-populated\">\n\t\t\t\t\t\t<div class=\"elementor-element elementor-element-800fba5 elementor-drop-cap-yes elementor-drop-cap-view-default elementor-widget elementor-widget-text-editor\" data-id=\"800fba5\" data-element_type=\"widget\" data-settings=\"{&quot;drop_cap&quot;:&quot;yes&quot;}\" data-widget_type=\"text-editor.default\">\n\t\t\t\t<div class=\"elementor-widget-container\">\n\t\t\t\t\t\t\t\t\t<p>En 1952, Georges Lambeau, directeur \u00e0 l\u2019Acad\u00e9mie des Beaux-Arts de Namur, red\u00e9couvrit le village lors d\u2019une visite de la r\u00e9gion. Il cherchait \u00e0 l\u2019origine un mas pour r\u00e9unir pendant les vacances, les \u00e9l\u00e8ves de diff\u00e9rentes disciplines dans un ouvrage commun. Bloqu\u00e9 \u00e0 Annot quelques jours avec son \u00e9pouse et son fils, il poussa son exploration jusqu\u2019\u00e0 Peyresq.<\/p><p><\/p><p>Le paysage qui se pr\u00e9senta \u00e0 lui \u00e9tait sensiblement diff\u00e9rent de celui que nous connaissons aujourd\u2019hui. Non seulement le village \u00e9tait quasiment \u00e0 l\u2019abandon et en partie effondr\u00e9, mais l\u2019environnement forestier qui entoure de nos jours Peyresq \u00e9tait presque inexistant, suite au d\u00e9frichement pour les cultures, au pastoralisme extensif et \u00e0 l\u2019exploitation du bois pendant des si\u00e8cles. Toute la montagne n\u2019\u00e9tait alors qu\u2019une \u00e9tendue d\u00e9sol\u00e9e de marnes \u00e9rod\u00e9es au relief lunaire de pierres calcaires, o\u00f9 l\u2019on discernait \u00e0 peine les maisons des rochers.<\/p><p><\/p><p>Tomb\u00e9 sous le charme du lieu et enthousiaste \u00e0 l\u2019id\u00e9e de construire ici un projet humaniste en relevant Peyresq de sa ruine (et non plus seulement une b\u00e2tisse proven\u00e7ale), il trouva en Toine Smets, juriste et g\u00e9rant de soci\u00e9t\u00e9, l\u2019\u00e9nergie et les moyens du m\u00e9c\u00e9nat n\u00e9cessaire pour monter son projet.<\/p><p><\/p><p>Durant les ann\u00e9es suivantes, les deux promoteurs surent s\u2019entourer de tr\u00e8s nombreux hommes et femmes de bonne volont\u00e9, y compris des autorit\u00e9s locales, tous conquis par les id\u00e9aux de cette entreprise humaine. L\u2019un d\u2019eux fut le talentueux architecte Pierre Lamby, v\u00e9ritable pierre angulaire de toute la reconstruction et de l\u2019harmonie architecturale du village actuel.<\/p><p><\/p><p>En 1954, l\u2019association sans but lucratif \u00ab\u00a0PRO PEYRESQ\u00a0\u00bb \u00e9tait n\u00e9e et \u00e0 travers elle la renaissance de Peyresq vers une nouvelle destin\u00e9e.<\/p><p><\/p><p>L\u2019A.S.B.L. entreprit alors un long travail de prospections notariales, de recherches successorales des co-propri\u00e9taires \u00e9parpill\u00e9s dans toute la France, de n\u00e9gociations d\u2019achat, d\u2019\u00e9tudes de faisabilit\u00e9, de lourdeurs administratives et de persuasions aupr\u00e8s des autorit\u00e9s locales du bien fond\u00e9 de ses intentions. Elle favorisa aussi la venue de l\u2019\u00e9lectricit\u00e9, de l\u2019eau, des \u00e9gouts et de la route, n\u00e9cessaires \u00e0 son entreprise, parfois \u00e0 coups d\u2019avances de fonds ou de participations financi\u00e8res.<\/p>\t\t\t\t\t\t\t\t<\/div>\n\t\t\t\t<\/div>\n\t\t\t\t\t<\/div>\n\t\t<\/div>\n\t\t\t\t\t<\/div>\n\t\t<\/section>\n\t\t\t\t<section class=\"elementor-section elementor-top-section elementor-element elementor-element-e195b51 elementor-section-boxed elementor-section-height-default elementor-section-height-default\" data-id=\"e195b51\" data-element_type=\"section\">\n\t\t\t\t\t\t<div class=\"elementor-container elementor-column-gap-default\">\n\t\t\t\t\t<div class=\"elementor-column elementor-col-50 elementor-top-column elementor-element elementor-element-16d5eb6\" data-id=\"16d5eb6\" data-element_type=\"column\">\n\t\t\t<div class=\"elementor-widget-wrap elementor-element-populated\">\n\t\t\t\t\t\t<div class=\"elementor-element elementor-element-34105c7 elementor-drop-cap-yes elementor-drop-cap-view-default elementor-widget elementor-widget-text-editor\" data-id=\"34105c7\" data-element_type=\"widget\" data-settings=\"{&quot;drop_cap&quot;:&quot;yes&quot;}\" data-widget_type=\"text-editor.default\">\n\t\t\t\t<div class=\"elementor-widget-container\">\n\t\t\t\t\t\t\t\t\t<p style=\"font-size: 18px;\">Avec les nouveaux peyrescans et l\u2019\u00e9lan b\u00e2tisseur des premi\u00e8res ann\u00e9es, des descendants d\u2019anciens revinrent \u00e0 leur tour et remont\u00e8rent \u00e9galement les ruines de leur bien, de m\u00eame que quelques citadins venus de la C\u00f4te qui, ayant acquis quelques maisons d\u00e8s 1947 pour trouver la fra\u00eeche en \u00e9t\u00e9, particip\u00e8rent eux aussi \u00e0 la restauration g\u00e9n\u00e9rale du village.<\/p><p style=\"font-size: 18px;\">Durant les trente ans qui suivirent, sous l\u2019impulsion de l\u2019A.S.B.L. PRO PEYRESQ, et de concert avec les habitants locaux, le village fut ainsi int\u00e9gralement relev\u00e9 et sa beaut\u00e9 ressuscit\u00e9e.<\/p>\t\t\t\t\t\t\t\t<\/div>\n\t\t\t\t<\/div>\n\t\t\t\t\t<\/div>\n\t\t<\/div>\n\t\t\t\t<div class=\"elementor-column elementor-col-50 elementor-top-column elementor-element elementor-element-a60a09f\" data-id=\"a60a09f\" data-element_type=\"column\">\n\t\t\t<div class=\"elementor-widget-wrap elementor-element-populated\">\n\t\t\t\t\t\t<div class=\"elementor-element elementor-element-7c0dbe8 elementor-widget elementor-widget-image\" data-id=\"7c0dbe8\" data-element_type=\"widget\" data-widget_type=\"image.default\">\n\t\t\t\t<div class=\"elementor-widget-container\">\n\t\t\t\t\t\t\t\t\t\t\t\t\t\t\t<img decoding=\"async\" width=\"283\" height=\"283\" src=\"https:\/\/propeyresq.be\/wp-content\/uploads\/2022\/03\/Statuts.1954.jpg\" class=\"attachment-large size-large wp-image-1832\" alt=\"\" srcset=\"https:\/\/propeyresq.be\/wp-content\/uploads\/2022\/03\/Statuts.1954.jpg 283w, https:\/\/propeyresq.be\/wp-content\/uploads\/2022\/03\/Statuts.1954-150x150.jpg 150w\" sizes=\"(max-width: 283px) 100vw, 283px\" \/>\t\t\t\t\t\t\t\t\t\t\t\t\t\t\t<\/div>\n\t\t\t\t<\/div>\n\t\t\t\t\t<\/div>\n\t\t<\/div>\n\t\t\t\t\t<\/div>\n\t\t<\/section>\n\t\t\t\t<section class=\"elementor-section elementor-top-section elementor-element elementor-element-1d20e5a elementor-section-boxed elementor-section-height-default elementor-section-height-default\" data-id=\"1d20e5a\" data-element_type=\"section\">\n\t\t\t\t\t\t<div class=\"elementor-container elementor-column-gap-default\">\n\t\t\t\t\t<div class=\"elementor-column elementor-col-100 elementor-top-column elementor-element elementor-element-bc1abe0\" data-id=\"bc1abe0\" data-element_type=\"column\">\n\t\t\t<div class=\"elementor-widget-wrap elementor-element-populated\">\n\t\t\t\t\t\t<div class=\"elementor-element elementor-element-6717bc0 elementor-widget elementor-widget-text-editor\" data-id=\"6717bc0\" data-element_type=\"widget\" data-widget_type=\"text-editor.default\">\n\t\t\t\t<div class=\"elementor-widget-container\">\n\t\t\t\t\t\t\t\t\t<p style=\"font-size: 18px;\">Sur la cinquantaine de maisons qui furent reconstruites ou r\u00e9habilit\u00e9es, plus d\u2019une trentaine l\u2019auront \u00e9t\u00e9 sous l\u2019\u00e9gide de PRO PEYRESQ.<\/p><p style=\"font-size: 18px;\">En 1971, l\u2019\u00e9glise et tout le village furent class\u00e9s \u00e0 l\u2019inventaire des Monuments Historiques. En 1980, PRO PEYRESQ re\u00e7ut du Pr\u00e9sident de la R\u00e9publique (V.G. d\u2019Estaing) le second prix des Chefs-d\u2019\u0153uvre en p\u00e9ril (parmi les 500 dossiers d\u00e9pos\u00e9s). La m\u00eame ann\u00e9e, elle obtint \u00e9galement la m\u00e9daille d\u2019or Europa Nostra (sauvegarde du patrimoine de l\u2019Europe) pour son r\u00f4le dans la reconstruction du village.<\/p><p style=\"font-size: 18px;\"><\/p><p style=\"font-size: 18px;\">Aujourd\u2019hui le village relev\u00e9 vit au rythme des activit\u00e9s associatives qui le dynamisent \u00e0 la belle saison, dans une amiti\u00e9 peyrescane partag\u00e9e avec les habitants locaux permanents ou saisonniers.<\/p><p style=\"font-size: 18px;\"><\/p><p style=\"font-size: 18px;\">Car Peyresq dans sa diversit\u00e9 actuelle, est et reste avant tout un vrai village de la Provence alpine, \u00e0 la communaut\u00e9 soud\u00e9e, conviviale et authentique.<\/p>\t\t\t\t\t\t\t\t<\/div>\n\t\t\t\t<\/div>\n\t\t\t\t\t<\/div>\n\t\t<\/div>\n\t\t\t\t\t<\/div>\n\t\t<\/section>\n\t\t\t\t<section class=\"elementor-section elementor-top-section elementor-element elementor-element-eba7e19 elementor-section-boxed elementor-section-height-default elementor-section-height-default\" data-id=\"eba7e19\" data-element_type=\"section\">\n\t\t\t\t\t\t<div class=\"elementor-container elementor-column-gap-default\">\n\t\t\t\t\t<div class=\"elementor-column elementor-col-50 elementor-top-column elementor-element elementor-element-d006dc0\" data-id=\"d006dc0\" data-element_type=\"column\">\n\t\t\t<div class=\"elementor-widget-wrap elementor-element-populated\">\n\t\t\t\t\t\t<div class=\"elementor-element elementor-element-25447f4 elementor-widget elementor-widget-image\" data-id=\"25447f4\" data-element_type=\"widget\" data-widget_type=\"image.default\">\n\t\t\t\t<div class=\"elementor-widget-container\">\n\t\t\t\t\t\t\t\t\t\t\t\t<figure class=\"wp-caption\">\n\t\t\t\t\t\t\t\t\t\t<img decoding=\"async\" width=\"397\" height=\"199\" src=\"https:\/\/propeyresq.be\/wp-content\/uploads\/2022\/03\/Europa-Nostra.jpg\" class=\"attachment-large size-large wp-image-1752\" alt=\"\" srcset=\"https:\/\/propeyresq.be\/wp-content\/uploads\/2022\/03\/Europa-Nostra.jpg 397w, https:\/\/propeyresq.be\/wp-content\/uploads\/2022\/03\/Europa-Nostra-300x150.jpg 300w\" sizes=\"(max-width: 397px) 100vw, 397px\" \/>\t\t\t\t\t\t\t\t\t\t\t<figcaption class=\"widget-image-caption wp-caption-text\">M\u00e9daille d'or Europa Nostra<\/figcaption>\n\t\t\t\t\t\t\t\t\t\t<\/figure>\n\t\t\t\t\t\t\t\t\t<\/div>\n\t\t\t\t<\/div>\n\t\t\t\t\t<\/div>\n\t\t<\/div>\n\t\t\t\t<div class=\"elementor-column elementor-col-50 elementor-top-column elementor-element elementor-element-2c269a0\" data-id=\"2c269a0\" data-element_type=\"column\">\n\t\t\t<div class=\"elementor-widget-wrap elementor-element-populated\">\n\t\t\t\t\t\t<div class=\"elementor-element elementor-element-ce13816 elementor-widget elementor-widget-image\" data-id=\"ce13816\" data-element_type=\"widget\" data-widget_type=\"image.default\">\n\t\t\t\t<div class=\"elementor-widget-container\">\n\t\t\t\t\t\t\t\t\t\t\t\t<figure class=\"wp-caption\">\n\t\t\t\t\t\t\t\t\t\t<img loading=\"lazy\" decoding=\"async\" width=\"467\" height=\"365\" src=\"https:\/\/propeyresq.be\/wp-content\/uploads\/2022\/03\/Chefs-dOeuvre-en-Peril.jpg\" class=\"attachment-large size-large wp-image-1753\" alt=\"\" srcset=\"https:\/\/propeyresq.be\/wp-content\/uploads\/2022\/03\/Chefs-dOeuvre-en-Peril.jpg 467w, https:\/\/propeyresq.be\/wp-content\/uploads\/2022\/03\/Chefs-dOeuvre-en-Peril-300x234.jpg 300w\" sizes=\"(max-width: 467px) 100vw, 467px\" \/>\t\t\t\t\t\t\t\t\t\t\t<figcaption class=\"widget-image-caption wp-caption-text\">Remise du prix Chefs-d'oeuvre en p\u00e9ril<\/figcaption>\n\t\t\t\t\t\t\t\t\t\t<\/figure>\n\t\t\t\t\t\t\t\t\t<\/div>\n\t\t\t\t<\/div>\n\t\t\t\t\t<\/div>\n\t\t<\/div>\n\t\t\t\t\t<\/div>\n\t\t<\/section>\n\t\t\t\t<\/div>\n\t\t","protected":false},"excerpt":{"rendered":"<p>COMMENT FUT FOND\u00c9E L\u2019ASSOCIATION PRO PEYRESQ ? En 1952, Georges Lambeau, directeur \u00e0 l\u2019Acad\u00e9mie des Beaux-Arts de Namur, red\u00e9couvrit le village lors d\u2019une visite de la r\u00e9gion. Il cherchait \u00e0 l\u2019origine un mas pour r\u00e9unir pendant les vacances, les \u00e9l\u00e8ves de diff\u00e9rentes disciplines dans un ouvrage commun. Bloqu\u00e9 \u00e0 Annot [&hellip;]<\/p>\n","protected":false},"author":2,"featured_media":0,"parent":636,"menu_order":1,"comment_status":"closed","ping_status":"closed","template":"page-templates\/template-fullwidth.php","meta":{"footnotes":""},"class_list":["post-1750","page","type-page","status-publish","hentry"],"post_mailing_queue_ids":[],"_links":{"self":[{"href":"https:\/\/propeyresq.be\/index.php?rest_route=\/wp\/v2\/pages\/1750","targetHints":{"allow":["GET"]}}],"collection":[{"href":"https:\/\/propeyresq.be\/index.php?rest_route=\/wp\/v2\/pages"}],"about":[{"href":"https:\/\/propeyresq.be\/index.php?rest_route=\/wp\/v2\/types\/page"}],"author":[{"embeddable":true,"href":"https:\/\/propeyresq.be\/index.php?rest_route=\/wp\/v2\/users\/2"}],"replies":[{"embeddable":true,"href":"https:\/\/propeyresq.be\/index.php?rest_route=%2Fwp%2Fv2%2Fcomments&post=1750"}],"version-history":[{"count":9,"href":"https:\/\/propeyresq.be\/index.php?rest_route=\/wp\/v2\/pages\/1750\/revisions"}],"predecessor-version":[{"id":1837,"href":"https:\/\/propeyresq.be\/index.php?rest_route=\/wp\/v2\/pages\/1750\/revisions\/1837"}],"up":[{"embeddable":true,"href":"https:\/\/propeyresq.be\/index.php?rest_route=\/wp\/v2\/pages\/636"}],"wp:attachment":[{"href":"https:\/\/propeyresq.be\/index.php?rest_route=%2Fwp%2Fv2%2Fmedia&parent=1750"}],"curies":[{"name":"wp","href":"https:\/\/api.w.org\/{rel}","templated":true}]}}